{"id":300,"date":"2025-06-06T12:25:19","date_gmt":"2025-06-06T10:25:19","guid":{"rendered":"http:\/\/lauremartin.local\/?page_id=300"},"modified":"2026-03-23T12:19:27","modified_gmt":"2026-03-23T10:19:27","slug":"a-propos","status":"publish","type":"page","link":"https:\/\/lauremartin.fr\/art\/a-propos\/","title":{"rendered":"A propos"},"content":{"rendered":"\n<div class=\"wp-block-group alignfull has-global-padding is-layout-constrained wp-container-core-group-is-layout-819f606c wp-block-group-is-layout-constrained\" style=\"padding-top:var(--wp--preset--spacing--40);padding-right:var(--wp--preset--spacing--40);padding-bottom:var(--wp--preset--spacing--40);padding-left:var(--wp--preset--spacing--40)\">\n<h2 class=\"wp-block-heading has-text-align-center\"><em>Plasticienne autodidacte, je vis mon art comme une exploration, de la mati\u00e8re comme de mon \u00eatre.<\/em><\/h2>\n<\/div>\n\n\n\n<div class=\"wp-block-group has-base-2-background-color has-background has-global-padding is-layout-constrained wp-container-core-group-is-layout-c385debf wp-block-group-is-layout-constrained\" style=\"padding-top:var(--wp--preset--spacing--20);padding-right:var(--wp--preset--spacing--20);padding-bottom:var(--wp--preset--spacing--20);padding-left:var(--wp--preset--spacing--20)\">\n<h2 class=\"wp-block-heading has-text-align-center\">D\u00e9marche artistique<\/h2>\n\n\n\n<p class=\"justifier has-medium-font-size\">N\u00e9e en 1973, d&rsquo;abord ing\u00e9nieure ferroviaire, puis un temps g\u00e9n\u00e9alogiste, je contribue d\u00e9sormais comme artiste plasticienne et th\u00e9rapeute.<\/p>\n\n\n\n<p class=\"justifier has-medium-font-size\">Un jour, les mots ont manqu\u00e9 pour partager mon exp\u00e9rience singuli\u00e8re. Mon \u0153uvre est une traduction graphique et plastique de mes interrogations existentielles&nbsp;: qu\u2019est-ce qu\u2019un humain, qu\u2019est-ce que cette vie qui le traverse\u2026, et la fa\u00e7on dont je l\u2019ex\u00e9cute est une forme de r\u00e9ponse \u00e0 ces questions.<\/p>\n\n\n\n<p class=\"justifier\">Mes dessins pr\u00e9paratoires \u00e0 l\u2019encre de Chine et au stylo tubulaire sont directement issus de ma premi\u00e8re carri\u00e8re d\u2019ing\u00e9nieur. J\u2019ai \u00e9t\u00e9 fortement influenc\u00e9e par les productions de la fin du XIX\u00e8me et du d\u00e9but du XX\u00e8me si\u00e8cle : Art Nouveau (Alfons Mucha, Aubrey Beardsley), estampes japonaises ukiyo-e (Hokusai, Hiroshige), illustrations botaniques (Ernst Haeckel, Maurice Pillard Verneuil). Dans cette p\u00e9riode graphique, la nature a \u00e9t\u00e9 un sujet central, faisant \u00e9cho \u00e0 ma propre nature d\u2019\u00eatre vivant.<\/p>\n\n\n\n<div class=\"wp-block-columns is-layout-flex wp-container-core-columns-is-layout-9c22b1e3 wp-block-columns-is-layout-flex\">\n<div class=\"wp-block-column is-layout-flow wp-block-column-is-layout-flow\" style=\"padding-right:var(--wp--preset--spacing--20);padding-left:var(--wp--preset--spacing--20);flex-basis:45%\">\n<figure class=\"wp-block-image size-large has-custom-border\" style=\"margin-right:0;margin-left:0\"><img loading=\"lazy\" decoding=\"async\" width=\"819\" height=\"1024\" src=\"https:\/\/lauremartin.fr\/art\/wp-content\/uploads\/sites\/4\/2026\/02\/Visuel-atelier-819x1024.jpg\" alt=\"\" class=\"wp-image-2691\" style=\"border-top-left-radius:20px;border-top-right-radius:20px;border-bottom-left-radius:20px;border-bottom-right-radius:20px\" srcset=\"https:\/\/lauremartin.fr\/art\/wp-content\/uploads\/sites\/4\/2026\/02\/Visuel-atelier-819x1024.jpg 819w, https:\/\/lauremartin.fr\/art\/wp-content\/uploads\/sites\/4\/2026\/02\/Visuel-atelier-240x300.jpg 240w, https:\/\/lauremartin.fr\/art\/wp-content\/uploads\/sites\/4\/2026\/02\/Visuel-atelier-768x960.jpg 768w, https:\/\/lauremartin.fr\/art\/wp-content\/uploads\/sites\/4\/2026\/02\/Visuel-atelier.jpg 1080w\" sizes=\"auto, (max-width: 819px) 100vw, 819px\" \/><\/figure>\n<\/div>\n\n\n\n<div class=\"wp-block-column is-vertically-aligned-center is-layout-flow wp-container-core-column-is-layout-6ecfbe87 wp-block-column-is-layout-flow\" style=\"padding-right:0;padding-left:var(--wp--preset--spacing--30);flex-basis:55%\">\n<p class=\"justifier\">Ma cr\u00e9ation s\u2019oriente du graphique vers le plastique, du figuratif vers l\u2019abstrait. Je suis sensible \u00e0 l\u2019artisanat du papier, de la terre, du cuir, du bois, du v\u00e9g\u00e9tal. J\u2019aime particuli\u00e8rement les cr\u00e9ateurs qui s\u2019appuient sur les arts traditionnels, en particulier japonais.<\/p>\n\n\n\n<p class=\"justifier\">J\u2019ai toujours travaill\u00e9 sur du papier, et celui-ci tend, avec le temps, \u00e0 sortir de sa fonction initiale de support pour devenir \u0153uvre lui-m\u00eame.<\/p>\n\n\n\n<p class=\"justifier\">Mes toutes premi\u00e8res cr\u00e9ations \u00e9taient calligraphiques. Je suis ensuite pass\u00e9e au dessin au stylo tubulaire de dessin industriel, puis j\u2019ai d\u00e9couvert la linogravure et le cyanotype. La reliure est arriv\u00e9e ensuite, apportant la troisi\u00e8me dimension \u00e0 mes cr\u00e9ations. J\u2019exp\u00e9rimente le collage en ce moment, et je m\u2019int\u00e9resse de plus en plus au cartonnage et au pliage.<\/p>\n\n\n\n<p class=\"justifier\">Mon travail actuel est fortement impact\u00e9 par ma consommation courante, puisque maintenant j\u2019en utilise les d\u00e9chets comme mati\u00e8re premi\u00e8re.<\/p>\n<\/div>\n<\/div>\n\n\n\n<p class=\"justifier has-medium-font-size\">Je fais avec ce que j\u2019ai sous la main, \u00e0 chaque instant. Cette posture est au c\u0153ur de ma fa\u00e7on de cr\u00e9er, et c\u2019est aussi un art de vivre que j\u2019aspire \u00e0 ressentir pleinement.<\/p>\n<\/div>\n\n\n\n<div style=\"height:50px\" aria-hidden=\"true\" class=\"wp-block-spacer\"><\/div>\n","protected":false},"excerpt":{"rendered":"<p>Plasticienne autodidacte, je vis mon art comme une exploration, de la mati\u00e8re comme de mon \u00eatre. D\u00e9marche artistique N\u00e9e en 1973, d&rsquo;abord ing\u00e9nieure ferroviaire, puis un temps g\u00e9n\u00e9alogiste, je contribue d\u00e9sormais comme artiste plasticienne et th\u00e9rapeute. Un jour, les mots ont manqu\u00e9 pour partager mon exp\u00e9rience singuli\u00e8re. Mon \u0153uvre est une traduction graphique et plastique [&hellip;]<\/p>\n","protected":false},"author":2,"featured_media":0,"parent":0,"menu_order":0,"comment_status":"closed","ping_status":"closed","template":"page-no-title","meta":{"footnotes":""},"class_list":["post-300","page","type-page","status-publish","hentry"],"yoast_head":"<!-- This site is optimized with the Yoast SEO plugin v27.5 - https:\/\/yoast.com\/product\/yoast-seo-wordpress\/ -->\n<title>A propos - Laure Martin, artiste plasticienne \u00e0 Bordeaux<\/title>\n<meta name=\"robots\" content=\"index, follow, max-snippet:-1, max-image-preview:large, max-video-preview:-1\" \/>\n<link rel=\"canonical\" href=\"https:\/\/lauremartin.fr\/art\/a-propos\/\" \/>\n<meta property=\"og:locale\" content=\"fr_FR\" \/>\n<meta property=\"og:type\" content=\"article\" \/>\n<meta property=\"og:title\" content=\"A propos - Laure Martin, artiste plasticienne \u00e0 Bordeaux\" \/>\n<meta property=\"og:description\" content=\"Plasticienne autodidacte, je vis mon art comme une exploration, de la mati\u00e8re comme de mon \u00eatre. D\u00e9marche artistique N\u00e9e en 1973, d&rsquo;abord ing\u00e9nieure ferroviaire, puis un temps g\u00e9n\u00e9alogiste, je contribue d\u00e9sormais comme artiste plasticienne et th\u00e9rapeute. Un jour, les mots ont manqu\u00e9 pour partager mon exp\u00e9rience singuli\u00e8re. Mon \u0153uvre est une traduction graphique et plastique [&hellip;]\" \/>\n<meta property=\"og:url\" content=\"https:\/\/lauremartin.fr\/art\/a-propos\/\" \/>\n<meta property=\"og:site_name\" content=\"Laure Martin, artiste plasticienne \u00e0 Bordeaux\" \/>\n<meta property=\"article:modified_time\" content=\"2026-03-23T10:19:27+00:00\" \/>\n<meta property=\"og:image\" content=\"https:\/\/lauremartin.fr\/art\/wp-content\/uploads\/sites\/4\/2026\/02\/Visuel-atelier-819x1024.jpg\" \/>\n<meta name=\"twitter:card\" content=\"summary_large_image\" \/>\n<meta name=\"twitter:label1\" content=\"Dur\u00e9e de lecture estim\u00e9e\" \/>\n\t<meta name=\"twitter:data1\" content=\"2 minutes\" \/>\n<script type=\"application\/ld+json\" class=\"yoast-schema-graph\">{\"@context\":\"https:\\\/\\\/schema.org\",\"@graph\":[{\"@type\":\"WebPage\",\"@id\":\"https:\\\/\\\/lauremartin.fr\\\/art\\\/a-propos\\\/\",\"url\":\"https:\\\/\\\/lauremartin.fr\\\/art\\\/a-propos\\\/\",\"name\":\"A propos - Laure Martin, artiste plasticienne \u00e0 Bordeaux\",\"isPartOf\":{\"@id\":\"https:\\\/\\\/lauremartin.fr\\\/art\\\/#website\"},\"primaryImageOfPage\":{\"@id\":\"https:\\\/\\\/lauremartin.fr\\\/art\\\/a-propos\\\/#primaryimage\"},\"image\":{\"@id\":\"https:\\\/\\\/lauremartin.fr\\\/art\\\/a-propos\\\/#primaryimage\"},\"thumbnailUrl\":\"https:\\\/\\\/lauremartin.fr\\\/art\\\/wp-content\\\/uploads\\\/sites\\\/4\\\/2026\\\/02\\\/Visuel-atelier-819x1024.jpg\",\"datePublished\":\"2025-06-06T10:25:19+00:00\",\"dateModified\":\"2026-03-23T10:19:27+00:00\",\"breadcrumb\":{\"@id\":\"https:\\\/\\\/lauremartin.fr\\\/art\\\/a-propos\\\/#breadcrumb\"},\"inLanguage\":\"fr-FR\",\"potentialAction\":[{\"@type\":\"ReadAction\",\"target\":[\"https:\\\/\\\/lauremartin.fr\\\/art\\\/a-propos\\\/\"]}]},{\"@type\":\"ImageObject\",\"inLanguage\":\"fr-FR\",\"@id\":\"https:\\\/\\\/lauremartin.fr\\\/art\\\/a-propos\\\/#primaryimage\",\"url\":\"https:\\\/\\\/lauremartin.fr\\\/art\\\/wp-content\\\/uploads\\\/sites\\\/4\\\/2026\\\/02\\\/Visuel-atelier.jpg\",\"contentUrl\":\"https:\\\/\\\/lauremartin.fr\\\/art\\\/wp-content\\\/uploads\\\/sites\\\/4\\\/2026\\\/02\\\/Visuel-atelier.jpg\",\"width\":1080,\"height\":1350},{\"@type\":\"BreadcrumbList\",\"@id\":\"https:\\\/\\\/lauremartin.fr\\\/art\\\/a-propos\\\/#breadcrumb\",\"itemListElement\":[{\"@type\":\"ListItem\",\"position\":1,\"name\":\"Accueil\",\"item\":\"https:\\\/\\\/lauremartin.fr\\\/art\\\/\"},{\"@type\":\"ListItem\",\"position\":2,\"name\":\"A propos\"}]},{\"@type\":\"WebSite\",\"@id\":\"https:\\\/\\\/lauremartin.fr\\\/art\\\/#website\",\"url\":\"https:\\\/\\\/lauremartin.fr\\\/art\\\/\",\"name\":\"Laure Martin, artiste plasticienne \u00e0 Bordeaux\",\"description\":\"Pour un art respectueux du vivant\",\"publisher\":{\"@id\":\"https:\\\/\\\/lauremartin.fr\\\/art\\\/#organization\"},\"potentialAction\":[{\"@type\":\"SearchAction\",\"target\":{\"@type\":\"EntryPoint\",\"urlTemplate\":\"https:\\\/\\\/lauremartin.fr\\\/art\\\/?s={search_term_string}\"},\"query-input\":{\"@type\":\"PropertyValueSpecification\",\"valueRequired\":true,\"valueName\":\"search_term_string\"}}],\"inLanguage\":\"fr-FR\"},{\"@type\":\"Organization\",\"@id\":\"https:\\\/\\\/lauremartin.fr\\\/art\\\/#organization\",\"name\":\"Laure Martin, artiste plasticienne \u00e0 Bordeaux\",\"url\":\"https:\\\/\\\/lauremartin.fr\\\/art\\\/\",\"logo\":{\"@type\":\"ImageObject\",\"inLanguage\":\"fr-FR\",\"@id\":\"https:\\\/\\\/lauremartin.fr\\\/art\\\/#\\\/schema\\\/logo\\\/image\\\/\",\"url\":\"https:\\\/\\\/lauremartin.fr\\\/art\\\/wp-content\\\/uploads\\\/sites\\\/4\\\/2026\\\/01\\\/logo-full-blanc.png\",\"contentUrl\":\"https:\\\/\\\/lauremartin.fr\\\/art\\\/wp-content\\\/uploads\\\/sites\\\/4\\\/2026\\\/01\\\/logo-full-blanc.png\",\"width\":926,\"height\":564,\"caption\":\"Laure Martin, artiste plasticienne \u00e0 Bordeaux\"},\"image\":{\"@id\":\"https:\\\/\\\/lauremartin.fr\\\/art\\\/#\\\/schema\\\/logo\\\/image\\\/\"}}]}<\/script>\n<!-- \/ Yoast SEO plugin. -->","yoast_head_json":{"title":"A propos - Laure Martin, artiste plasticienne \u00e0 Bordeaux","robots":{"index":"index","follow":"follow","max-snippet":"max-snippet:-1","max-image-preview":"max-image-preview:large","max-video-preview":"max-video-preview:-1"},"canonical":"https:\/\/lauremartin.fr\/art\/a-propos\/","og_locale":"fr_FR","og_type":"article","og_title":"A propos - Laure Martin, artiste plasticienne \u00e0 Bordeaux","og_description":"Plasticienne autodidacte, je vis mon art comme une exploration, de la mati\u00e8re comme de mon \u00eatre. D\u00e9marche artistique N\u00e9e en 1973, d&rsquo;abord ing\u00e9nieure ferroviaire, puis un temps g\u00e9n\u00e9alogiste, je contribue d\u00e9sormais comme artiste plasticienne et th\u00e9rapeute. Un jour, les mots ont manqu\u00e9 pour partager mon exp\u00e9rience singuli\u00e8re. Mon \u0153uvre est une traduction graphique et plastique [&hellip;]","og_url":"https:\/\/lauremartin.fr\/art\/a-propos\/","og_site_name":"Laure Martin, artiste plasticienne \u00e0 Bordeaux","article_modified_time":"2026-03-23T10:19:27+00:00","og_image":[{"url":"https:\/\/lauremartin.fr\/art\/wp-content\/uploads\/sites\/4\/2026\/02\/Visuel-atelier-819x1024.jpg","type":"","width":"","height":""}],"twitter_card":"summary_large_image","twitter_misc":{"Dur\u00e9e de lecture estim\u00e9e":"2 minutes"},"schema":{"@context":"https:\/\/schema.org","@graph":[{"@type":"WebPage","@id":"https:\/\/lauremartin.fr\/art\/a-propos\/","url":"https:\/\/lauremartin.fr\/art\/a-propos\/","name":"A propos - Laure Martin, artiste plasticienne \u00e0 Bordeaux","isPartOf":{"@id":"https:\/\/lauremartin.fr\/art\/#website"},"primaryImageOfPage":{"@id":"https:\/\/lauremartin.fr\/art\/a-propos\/#primaryimage"},"image":{"@id":"https:\/\/lauremartin.fr\/art\/a-propos\/#primaryimage"},"thumbnailUrl":"https:\/\/lauremartin.fr\/art\/wp-content\/uploads\/sites\/4\/2026\/02\/Visuel-atelier-819x1024.jpg","datePublished":"2025-06-06T10:25:19+00:00","dateModified":"2026-03-23T10:19:27+00:00","breadcrumb":{"@id":"https:\/\/lauremartin.fr\/art\/a-propos\/#breadcrumb"},"inLanguage":"fr-FR","potentialAction":[{"@type":"ReadAction","target":["https:\/\/lauremartin.fr\/art\/a-propos\/"]}]},{"@type":"ImageObject","inLanguage":"fr-FR","@id":"https:\/\/lauremartin.fr\/art\/a-propos\/#primaryimage","url":"https:\/\/lauremartin.fr\/art\/wp-content\/uploads\/sites\/4\/2026\/02\/Visuel-atelier.jpg","contentUrl":"https:\/\/lauremartin.fr\/art\/wp-content\/uploads\/sites\/4\/2026\/02\/Visuel-atelier.jpg","width":1080,"height":1350},{"@type":"BreadcrumbList","@id":"https:\/\/lauremartin.fr\/art\/a-propos\/#breadcrumb","itemListElement":[{"@type":"ListItem","position":1,"name":"Accueil","item":"https:\/\/lauremartin.fr\/art\/"},{"@type":"ListItem","position":2,"name":"A propos"}]},{"@type":"WebSite","@id":"https:\/\/lauremartin.fr\/art\/#website","url":"https:\/\/lauremartin.fr\/art\/","name":"Laure Martin, artiste plasticienne \u00e0 Bordeaux","description":"Pour un art respectueux du vivant","publisher":{"@id":"https:\/\/lauremartin.fr\/art\/#organization"},"potentialAction":[{"@type":"SearchAction","target":{"@type":"EntryPoint","urlTemplate":"https:\/\/lauremartin.fr\/art\/?s={search_term_string}"},"query-input":{"@type":"PropertyValueSpecification","valueRequired":true,"valueName":"search_term_string"}}],"inLanguage":"fr-FR"},{"@type":"Organization","@id":"https:\/\/lauremartin.fr\/art\/#organization","name":"Laure Martin, artiste plasticienne \u00e0 Bordeaux","url":"https:\/\/lauremartin.fr\/art\/","logo":{"@type":"ImageObject","inLanguage":"fr-FR","@id":"https:\/\/lauremartin.fr\/art\/#\/schema\/logo\/image\/","url":"https:\/\/lauremartin.fr\/art\/wp-content\/uploads\/sites\/4\/2026\/01\/logo-full-blanc.png","contentUrl":"https:\/\/lauremartin.fr\/art\/wp-content\/uploads\/sites\/4\/2026\/01\/logo-full-blanc.png","width":926,"height":564,"caption":"Laure Martin, artiste plasticienne \u00e0 Bordeaux"},"image":{"@id":"https:\/\/lauremartin.fr\/art\/#\/schema\/logo\/image\/"}}]}},"_links":{"self":[{"href":"https:\/\/lauremartin.fr\/art\/wp-json\/wp\/v2\/pages\/300","targetHints":{"allow":["GET"]}}],"collection":[{"href":"https:\/\/lauremartin.fr\/art\/wp-json\/wp\/v2\/pages"}],"about":[{"href":"https:\/\/lauremartin.fr\/art\/wp-json\/wp\/v2\/types\/page"}],"author":[{"embeddable":true,"href":"https:\/\/lauremartin.fr\/art\/wp-json\/wp\/v2\/users\/2"}],"replies":[{"embeddable":true,"href":"https:\/\/lauremartin.fr\/art\/wp-json\/wp\/v2\/comments?post=300"}],"version-history":[{"count":59,"href":"https:\/\/lauremartin.fr\/art\/wp-json\/wp\/v2\/pages\/300\/revisions"}],"predecessor-version":[{"id":3031,"href":"https:\/\/lauremartin.fr\/art\/wp-json\/wp\/v2\/pages\/300\/revisions\/3031"}],"wp:attachment":[{"href":"https:\/\/lauremartin.fr\/art\/wp-json\/wp\/v2\/media?parent=300"}],"curies":[{"name":"wp","href":"https:\/\/api.w.org\/{rel}","templated":true}]}}