{"id":2884,"date":"2026-02-12T14:44:07","date_gmt":"2026-02-12T13:44:07","guid":{"rendered":"https:\/\/lauremartin.fr\/presence\/?page_id=2884"},"modified":"2026-08-31T13:01:38","modified_gmt":"2026-08-31T11:01:38","slug":"livre-retour-a-la-source","status":"publish","type":"page","link":"https:\/\/lauremartin.fr\/slowfeelflow\/livre-retour-a-la-source\/","title":{"rendered":"Livre Retour \u00e0 la source"},"content":{"rendered":"\n<div class=\"wp-block-group has-global-padding is-layout-constrained wp-container-core-group-is-layout-c51f9e8f wp-block-group-is-layout-constrained\">\n<h1 class=\"wp-block-heading\">Retour \u00e0 la Source<\/h1>\n\n\n\n<h2 class=\"wp-block-heading justifier\">Je n\u2019ai pas vraiment \u00ab\u00a0\u00e9crit\u00a0\u00bb ce livre.<\/h2>\n\n\n\n<p class=\"justifier wp-block-paragraph\"><em>Retour \u00e0 la Source<\/em>. Ce que je veux dire par l\u00e0, c&rsquo;est que je n&rsquo;avais&nbsp;pas l\u2019intention initiale de cr\u00e9er un ouvrage et de le partager.<\/p>\n\n\n\n<p class=\"justifier wp-block-paragraph\">J\u2019ai \u00e9crit des articles sur un blog pour ext\u00e9rioriser mes \u00e9motions suite \u00e0 un burn-out. Dans le m\u00eame contexte, j\u2019ai commenc\u00e9 \u00e0 dessiner, en clinique de repos&nbsp;; l\u2019encre de Chine et l\u2019aquarelle m\u2019aidaient \u00e0 l\u00e2cher prise et \u00e0 reconnecter mon pouvoir cr\u00e9ateur. L\u2019id\u00e9e de compiler l\u2019ensemble est venue d\u2019un brainstorming avec une amie, alors que je me demandais comment gagner de l\u2019argent avec ce que j\u2019avais d\u00e9j\u00e0 cr\u00e9\u00e9.<\/p>\n\n\n\n<p class=\"justifier wp-block-paragraph\">Je suis toujours partie de mon besoin dans l\u2019instant, et j\u2019ai jailli spontan\u00e9ment, dans l\u2019\u00e9lan provoqu\u00e9 par ce besoin. Certains me trouvent \u00e9gocentr\u00e9e, dispers\u00e9, \u00e9nervante et, parfois, je trouve qu\u2019ils ont raison&#8230; Quel est le sens de tous ces projets diss\u00e9min\u00e9s sans strat\u00e9gie apparente&nbsp;? Comme s\u2019il fallait forc\u00e9ment un sens, une explication, une justification. \u00ab&nbsp;J\u2019ai envie&nbsp;\u00bb devrait \u00eatre suffisant.<\/p>\n\n\n\n<p class=\"justifier wp-block-paragraph\">Je souffle sur le pissenlit, et les graines se dispersent. Je ne sais pas ce qu\u2019elles deviendront, mais je souffle. Je souffle \u00e0 perdre haleine. Je souffle, mes joues rosissent sous l\u2019effort, la t\u00eate me tourne, je souffle encore. Les graines tourbillonnent, p\u00e9n\u00e8trent ma gorge, m\u2019\u00e9touffent. Je crache, je tousse, et je souffle. Encore. J\u2019entends l\u2019\u00e9cho de mon premier cri de nourrisson, et je comprends que je n\u2019ai pas le choix. De la naissance \u00e0 la mort, dans ce corps de chair, je ne peux que souffler, alors pourquoi r\u00e9sister&nbsp;?<\/p>\n\n\n\n<p class=\"justifier wp-block-paragraph\">J\u2019ai cr\u00e9\u00e9 ce blog d\u2019auteur et la page Facebook associ\u00e9e pour r\u00e9pondre \u00e0 mon besoin d\u2019\u00eatre utile. Il est nouveau, celui-l\u00e0, je n\u2019ai pas l\u2019habitude. \u00catre utile&nbsp;? D\u2019habitude, je suis plut\u00f4t en mode \u00ab&nbsp;moi d\u2019abord&nbsp;\u00bb, mais\u2026 oui\u2026 c\u2019est juste\u2026 c\u2019est bien cela que je ressens. L\u2019actualit\u00e9 est angoissante, les m\u00e9dias n\u2019aident pas, les autorit\u00e9s non plus. Des voix s\u2019\u00e9l\u00e8vent, de bon sens, d\u2019empathie, de solidarit\u00e9. Je fais partie de ceux qui ont d\u00e9cid\u00e9 de sourire, de rayonner et d\u2019agir \u00e0 partir du c\u0153ur. Je pourrais vous dire que c\u2019est par g\u00e9n\u00e9rosit\u00e9 d\u2019\u00e2me, mais non, c\u2019est juste que c\u2019est ma fa\u00e7on de ne pas \u00eatre emport\u00e9e par cette vague de caca \u00e9nerg\u00e9tique.<\/p>\n\n\n\n<div class=\"wp-block-columns is-layout-flex wp-container-core-columns-is-layout-3a88641f wp-block-columns-is-layout-flex\">\n<div class=\"wp-block-column is-vertically-aligned-center is-layout-flow wp-block-column-is-layout-flow\">\n<figure class=\"wp-block-image aligncenter size-medium\"><img loading=\"lazy\" decoding=\"async\" width=\"300\" height=\"300\" src=\"https:\/\/lauremartin.fr\/maieusthesie\/wp-content\/uploads\/sites\/5\/2025\/07\/RALS_Boutique_Contexte-300x300.jpg\" alt=\"\" class=\"wp-image-1942\" style=\"object-fit:cover\" srcset=\"https:\/\/lauremartin.fr\/slowfeelflow\/wp-content\/uploads\/sites\/5\/2025\/07\/RALS_Boutique_Contexte-300x300.jpg 300w, https:\/\/lauremartin.fr\/slowfeelflow\/wp-content\/uploads\/sites\/5\/2025\/07\/RALS_Boutique_Contexte-1024x1024.jpg 1024w, https:\/\/lauremartin.fr\/slowfeelflow\/wp-content\/uploads\/sites\/5\/2025\/07\/RALS_Boutique_Contexte-150x150.jpg 150w, https:\/\/lauremartin.fr\/slowfeelflow\/wp-content\/uploads\/sites\/5\/2025\/07\/RALS_Boutique_Contexte-768x768.jpg 768w, https:\/\/lauremartin.fr\/slowfeelflow\/wp-content\/uploads\/sites\/5\/2025\/07\/RALS_Boutique_Contexte.jpg 1080w\" sizes=\"auto, (max-width: 300px) 100vw, 300px\" \/><\/figure>\n<\/div>\n\n\n\n<div class=\"wp-block-column is-layout-flow wp-block-column-is-layout-flow\">\n<p class=\"justifier wp-block-paragraph\"><em>Retour \u00e0 la Source<\/em>&nbsp;est un t\u00e9moignage de r\u00e9silience apr\u00e8s un burn-out. Un partage d\u2019exp\u00e9rience, d\u2019humain \u00e0 humain. Il peut aider ceux qui doutent de leurs ressources int\u00e9rieures pour faire face \u00e0 ce grand bordel ambiant. Alors lisez-le. Ou offrez-le. Ou achetez-le sans le lire si \u00e7a ne vous parle pas, et mettez-le dans une bo\u00eete \u00e0 livres, pour qu\u2019il rencontre, par hasard ah ah, celui ou celle qui l\u2019attend sans le savoir.<\/p>\n\n\n\n<p class=\"justifier wp-block-paragraph\">Le monde a besoin d\u2019espoir. \u00c7a tombe bien,&nbsp;ce bouquin&nbsp;en contient une dose sup\u00e9rieure aux apports journaliers recommand\u00e9s !<\/p>\n<\/div>\n<\/div>\n\n\n\n<h2 class=\"wp-block-heading\">T\u00e9moignages de lecteurs<\/h2>\n\n\n\n<div class=\"wp-block-columns is-layout-flex wp-container-core-columns-is-layout-3a88641f wp-block-columns-is-layout-flex\">\n<div class=\"wp-block-column is-layout-flow wp-block-column-is-layout-flow\">\n<blockquote class=\"wp-block-quote has-contrast-background-color has-background is-layout-flow wp-block-quote-is-layout-flow\">\n<p class=\"has-medium-font-size wp-block-paragraph\">Laure, je suis en \u00ab train \u00bb de lire ton livre, j\u2019en suis \u00e0 la page 39\u2026et je me sens comme une \u00e2me folle de joie emport\u00e9e dans les rails bifurquant en mille directions de la tienne\u2026 j\u2019adoooooooore!!!! Merci pour ce \u00ab voyage \u00bb\u2026<br>C\u00e9cile<\/p>\n<\/blockquote>\n\n\n\n<blockquote class=\"wp-block-quote has-contrast-background-color has-background is-layout-flow wp-block-quote-is-layout-flow\">\n<p class=\"has-medium-font-size wp-block-paragraph\">Son \u00e9criture ? Tant\u00f4t dure et acide comme sa r\u00e9alit\u00e9 v\u00e9cue, tant\u00f4t une plume l\u00e9g\u00e8re et enjou\u00e9e comme l\u2019enfant devant sa premi\u00e8re coccinelle v\u00e9ritable. Ses dessins ? Gr\u00e2ce des v\u00e9g\u00e9taux, dentelle des sertissages, fra\u00eecheur des couleurs. J\u2019ai la chance de conna\u00eetre Laure Martin depuis ma naissance, elle est ma S\u0153ur, et son talent n\u2019a d\u2019\u00e9gal que sa g\u00e9n\u00e9rosit\u00e9. Son ambition ? Partager son chemin vers la Joie. Prends sa main et suis l\u00e0\u2026<br>Caroline<\/p>\n<\/blockquote>\n<\/div>\n\n\n\n<div class=\"wp-block-column is-layout-flow wp-block-column-is-layout-flow\">\n<blockquote class=\"wp-block-quote has-contrast-background-color has-background is-layout-flow wp-block-quote-is-layout-flow\">\n<p class=\"has-medium-font-size wp-block-paragraph\">Cet ouvrage m\u2019a emmen\u00e9 dans un univers dont j\u2019ignorais la profondeur, la violence mais aussi l\u2019espoir qu\u2019il a g\u00e9n\u00e9r\u00e9. Laure nous ouvre son c\u0153ur et son \u00e2me (j\u2019adooore) et on en appr\u00e9cie chaque mot. Soyons heureux comme elles (elles sont deux l\u00e0 dedans !). Quant aux dessins\u2026 des merveilles ! Merci Laure de nous laisser entrevoir la femme magnifique que tu fais \u00e9voluer !<br>Clarisse<\/p>\n<\/blockquote>\n\n\n\n<blockquote class=\"wp-block-quote has-contrast-background-color has-background is-layout-flow wp-block-quote-is-layout-flow\">\n<p class=\"has-medium-font-size wp-block-paragraph\">Embarquez dans l\u2019intimit\u00e9 profonde d\u2019une femme de son temps que la vie a tant\u00f4t malmen\u00e9e tant\u00f4t gratifi\u00e9e. Son incroyable parcours est la preuve que nous pouvons tous choisir notre voie\u2026.une autre voie que celle que d\u2019autres ont choisi pour nous.<br>D.<\/p>\n<\/blockquote>\n<\/div>\n<\/div>\n\n\n\n<p class=\"wp-block-paragraph\">Disponible en version papier \u00e0 18 \u20ac ou num\u00e9rique (PDF) \u00e0 9,90 \u20ac en me contactant <a href=\"https:\/\/lauremartin.fr\/presence\/contact\/\">par ce formulaire<\/a>.<\/p>\n<\/div>\n","protected":false},"excerpt":{"rendered":"<p>Retour \u00e0 la Source Je n\u2019ai pas vraiment \u00ab\u00a0\u00e9crit\u00a0\u00bb ce livre. Retour \u00e0 la Source. Ce que je veux dire par l\u00e0, c&rsquo;est que je n&rsquo;avais&nbsp;pas l\u2019intention initiale de cr\u00e9er un ouvrage et de le partager. J\u2019ai \u00e9crit des articles sur un blog pour ext\u00e9rioriser mes \u00e9motions suite \u00e0 un burn-out. Dans le m\u00eame contexte, [&hellip;]<\/p>\n","protected":false},"author":2,"featured_media":0,"parent":0,"menu_order":0,"comment_status":"closed","ping_status":"closed","template":"page-no-title","meta":{"footnotes":""},"class_list":["post-2884","page","type-page","status-publish","hentry"],"yoast_head":"<!-- This site is optimized with the Yoast SEO plugin v28.4 - https:\/\/yoast.com\/product\/yoast-seo-wordpress\/ -->\n<title>Livre Retour \u00e0 la source<\/title>\n<meta name=\"robots\" content=\"index, follow, max-snippet:-1, max-image-preview:large, max-video-preview:-1\" \/>\n<link rel=\"canonical\" href=\"https:\/\/lauremartin.fr\/slowfeelflow\/livre-retour-a-la-source\/\" \/>\n<meta property=\"og:locale\" content=\"fr_FR\" \/>\n<meta property=\"og:type\" content=\"article\" \/>\n<meta property=\"og:title\" content=\"Livre Retour \u00e0 la source\" \/>\n<meta property=\"og:description\" content=\"Retour \u00e0 la Source Je n\u2019ai pas vraiment \u00ab\u00a0\u00e9crit\u00a0\u00bb ce livre. Retour \u00e0 la Source. Ce que je veux dire par l\u00e0, c&rsquo;est que je n&rsquo;avais&nbsp;pas l\u2019intention initiale de cr\u00e9er un ouvrage et de le partager. J\u2019ai \u00e9crit des articles sur un blog pour ext\u00e9rioriser mes \u00e9motions suite \u00e0 un burn-out. Dans le m\u00eame contexte, [&hellip;]\" \/>\n<meta property=\"og:url\" content=\"https:\/\/lauremartin.fr\/slowfeelflow\/livre-retour-a-la-source\/\" \/>\n<meta property=\"og:site_name\" content=\"Laure Martin, psychopraticienne \u00e0 Bordeaux\" \/>\n<meta property=\"article:modified_time\" content=\"2026-08-31T11:01:38+00:00\" \/>\n<meta property=\"og:image\" content=\"https:\/\/lauremartin.fr\/slowfeelflow\/wp-content\/uploads\/sites\/5\/2025\/07\/RALS_Boutique_Contexte.jpg\" \/>\n\t<meta property=\"og:image:width\" content=\"1080\" \/>\n\t<meta property=\"og:image:height\" content=\"1080\" \/>\n\t<meta property=\"og:image:type\" content=\"image\/jpeg\" \/>\n<meta name=\"twitter:card\" content=\"summary_large_image\" \/>\n<meta name=\"twitter:label1\" content=\"Dur\u00e9e de lecture estim\u00e9e\" \/>\n\t<meta name=\"twitter:data1\" content=\"3 minutes\" \/>\n<script type=\"application\/ld+json\" class=\"yoast-schema-graph\">{\"@context\":\"https:\\\/\\\/schema.org\",\"@graph\":[{\"@type\":\"WebPage\",\"@id\":\"https:\\\/\\\/lauremartin.fr\\\/slowfeelflow\\\/livre-retour-a-la-source\\\/\",\"url\":\"https:\\\/\\\/lauremartin.fr\\\/slowfeelflow\\\/livre-retour-a-la-source\\\/\",\"name\":\"Livre Retour \u00e0 la source\",\"isPartOf\":{\"@id\":\"https:\\\/\\\/lauremartin.fr\\\/slowfeelflow\\\/#website\"},\"primaryImageOfPage\":{\"@id\":\"https:\\\/\\\/lauremartin.fr\\\/slowfeelflow\\\/livre-retour-a-la-source\\\/#primaryimage\"},\"image\":{\"@id\":\"https:\\\/\\\/lauremartin.fr\\\/slowfeelflow\\\/livre-retour-a-la-source\\\/#primaryimage\"},\"thumbnailUrl\":\"https:\\\/\\\/lauremartin.fr\\\/maieusthesie\\\/wp-content\\\/uploads\\\/sites\\\/5\\\/2025\\\/07\\\/RALS_Boutique_Contexte-300x300.jpg\",\"datePublished\":\"2026-02-12T13:44:07+00:00\",\"dateModified\":\"2026-08-31T11:01:38+00:00\",\"breadcrumb\":{\"@id\":\"https:\\\/\\\/lauremartin.fr\\\/slowfeelflow\\\/livre-retour-a-la-source\\\/#breadcrumb\"},\"inLanguage\":\"fr-FR\",\"potentialAction\":[{\"@type\":\"ReadAction\",\"target\":[\"https:\\\/\\\/lauremartin.fr\\\/slowfeelflow\\\/livre-retour-a-la-source\\\/\"]}]},{\"@type\":\"ImageObject\",\"inLanguage\":\"fr-FR\",\"@id\":\"https:\\\/\\\/lauremartin.fr\\\/slowfeelflow\\\/livre-retour-a-la-source\\\/#primaryimage\",\"url\":\"https:\\\/\\\/lauremartin.fr\\\/maieusthesie\\\/wp-content\\\/uploads\\\/sites\\\/5\\\/2025\\\/07\\\/RALS_Boutique_Contexte-300x300.jpg\",\"contentUrl\":\"https:\\\/\\\/lauremartin.fr\\\/maieusthesie\\\/wp-content\\\/uploads\\\/sites\\\/5\\\/2025\\\/07\\\/RALS_Boutique_Contexte-300x300.jpg\"},{\"@type\":\"BreadcrumbList\",\"@id\":\"https:\\\/\\\/lauremartin.fr\\\/slowfeelflow\\\/livre-retour-a-la-source\\\/#breadcrumb\",\"itemListElement\":[{\"@type\":\"ListItem\",\"position\":1,\"name\":\"Accueil\",\"item\":\"https:\\\/\\\/lauremartin.fr\\\/slowfeelflow\\\/\"},{\"@type\":\"ListItem\",\"position\":2,\"name\":\"Livre Retour \u00e0 la source\"}]},{\"@type\":\"WebSite\",\"@id\":\"https:\\\/\\\/lauremartin.fr\\\/slowfeelflow\\\/#website\",\"url\":\"https:\\\/\\\/lauremartin.fr\\\/slowfeelflow\\\/\",\"name\":\"Laure Martin, psychopraticienne \u00e0 Bordeaux\",\"description\":\"D\u00e9ployer une vie pleine de sens\",\"publisher\":{\"@id\":\"https:\\\/\\\/lauremartin.fr\\\/slowfeelflow\\\/#organization\"},\"potentialAction\":[{\"@type\":\"SearchAction\",\"target\":{\"@type\":\"EntryPoint\",\"urlTemplate\":\"https:\\\/\\\/lauremartin.fr\\\/slowfeelflow\\\/?s={search_term_string}\"},\"query-input\":{\"@type\":\"PropertyValueSpecification\",\"valueRequired\":true,\"valueName\":\"search_term_string\"}}],\"inLanguage\":\"fr-FR\"},{\"@type\":\"Organization\",\"@id\":\"https:\\\/\\\/lauremartin.fr\\\/slowfeelflow\\\/#organization\",\"name\":\"Laure Martin, psychopraticienne \u00e0 Bordeaux\",\"url\":\"https:\\\/\\\/lauremartin.fr\\\/slowfeelflow\\\/\",\"logo\":{\"@type\":\"ImageObject\",\"inLanguage\":\"fr-FR\",\"@id\":\"https:\\\/\\\/lauremartin.fr\\\/slowfeelflow\\\/#\\\/schema\\\/logo\\\/image\\\/\",\"url\":\"https:\\\/\\\/lauremartin.fr\\\/slowfeelflow\\\/wp-content\\\/uploads\\\/sites\\\/5\\\/2025\\\/07\\\/SFF_Logo_Noir.png\",\"contentUrl\":\"https:\\\/\\\/lauremartin.fr\\\/slowfeelflow\\\/wp-content\\\/uploads\\\/sites\\\/5\\\/2025\\\/07\\\/SFF_Logo_Noir.png\",\"width\":472,\"height\":229,\"caption\":\"Laure Martin, psychopraticienne \u00e0 Bordeaux\"},\"image\":{\"@id\":\"https:\\\/\\\/lauremartin.fr\\\/slowfeelflow\\\/#\\\/schema\\\/logo\\\/image\\\/\"},\"sameAs\":[\"https:\\\/\\\/instagram.com\\\/slowfeelflow\\\/\"]}]}<\/script>\n<!-- \/ Yoast SEO plugin. -->","yoast_head_json":{"title":"Livre Retour \u00e0 la source","robots":{"index":"index","follow":"follow","max-snippet":"max-snippet:-1","max-image-preview":"max-image-preview:large","max-video-preview":"max-video-preview:-1"},"canonical":"https:\/\/lauremartin.fr\/slowfeelflow\/livre-retour-a-la-source\/","og_locale":"fr_FR","og_type":"article","og_title":"Livre Retour \u00e0 la source","og_description":"Retour \u00e0 la Source Je n\u2019ai pas vraiment \u00ab\u00a0\u00e9crit\u00a0\u00bb ce livre. Retour \u00e0 la Source. Ce que je veux dire par l\u00e0, c&rsquo;est que je n&rsquo;avais&nbsp;pas l\u2019intention initiale de cr\u00e9er un ouvrage et de le partager. J\u2019ai \u00e9crit des articles sur un blog pour ext\u00e9rioriser mes \u00e9motions suite \u00e0 un burn-out. Dans le m\u00eame contexte, [&hellip;]","og_url":"https:\/\/lauremartin.fr\/slowfeelflow\/livre-retour-a-la-source\/","og_site_name":"Laure Martin, psychopraticienne \u00e0 Bordeaux","article_modified_time":"2026-08-31T11:01:38+00:00","og_image":[{"width":1080,"height":1080,"url":"https:\/\/lauremartin.fr\/slowfeelflow\/wp-content\/uploads\/sites\/5\/2025\/07\/RALS_Boutique_Contexte.jpg","type":"image\/jpeg"}],"twitter_card":"summary_large_image","twitter_misc":{"Dur\u00e9e de lecture estim\u00e9e":"3 minutes"},"schema":{"@context":"https:\/\/schema.org","@graph":[{"@type":"WebPage","@id":"https:\/\/lauremartin.fr\/slowfeelflow\/livre-retour-a-la-source\/","url":"https:\/\/lauremartin.fr\/slowfeelflow\/livre-retour-a-la-source\/","name":"Livre Retour \u00e0 la source","isPartOf":{"@id":"https:\/\/lauremartin.fr\/slowfeelflow\/#website"},"primaryImageOfPage":{"@id":"https:\/\/lauremartin.fr\/slowfeelflow\/livre-retour-a-la-source\/#primaryimage"},"image":{"@id":"https:\/\/lauremartin.fr\/slowfeelflow\/livre-retour-a-la-source\/#primaryimage"},"thumbnailUrl":"https:\/\/lauremartin.fr\/maieusthesie\/wp-content\/uploads\/sites\/5\/2025\/07\/RALS_Boutique_Contexte-300x300.jpg","datePublished":"2026-02-12T13:44:07+00:00","dateModified":"2026-08-31T11:01:38+00:00","breadcrumb":{"@id":"https:\/\/lauremartin.fr\/slowfeelflow\/livre-retour-a-la-source\/#breadcrumb"},"inLanguage":"fr-FR","potentialAction":[{"@type":"ReadAction","target":["https:\/\/lauremartin.fr\/slowfeelflow\/livre-retour-a-la-source\/"]}]},{"@type":"ImageObject","inLanguage":"fr-FR","@id":"https:\/\/lauremartin.fr\/slowfeelflow\/livre-retour-a-la-source\/#primaryimage","url":"https:\/\/lauremartin.fr\/maieusthesie\/wp-content\/uploads\/sites\/5\/2025\/07\/RALS_Boutique_Contexte-300x300.jpg","contentUrl":"https:\/\/lauremartin.fr\/maieusthesie\/wp-content\/uploads\/sites\/5\/2025\/07\/RALS_Boutique_Contexte-300x300.jpg"},{"@type":"BreadcrumbList","@id":"https:\/\/lauremartin.fr\/slowfeelflow\/livre-retour-a-la-source\/#breadcrumb","itemListElement":[{"@type":"ListItem","position":1,"name":"Accueil","item":"https:\/\/lauremartin.fr\/slowfeelflow\/"},{"@type":"ListItem","position":2,"name":"Livre Retour \u00e0 la source"}]},{"@type":"WebSite","@id":"https:\/\/lauremartin.fr\/slowfeelflow\/#website","url":"https:\/\/lauremartin.fr\/slowfeelflow\/","name":"Laure Martin, psychopraticienne \u00e0 Bordeaux","description":"D\u00e9ployer une vie pleine de sens","publisher":{"@id":"https:\/\/lauremartin.fr\/slowfeelflow\/#organization"},"potentialAction":[{"@type":"SearchAction","target":{"@type":"EntryPoint","urlTemplate":"https:\/\/lauremartin.fr\/slowfeelflow\/?s={search_term_string}"},"query-input":{"@type":"PropertyValueSpecification","valueRequired":true,"valueName":"search_term_string"}}],"inLanguage":"fr-FR"},{"@type":"Organization","@id":"https:\/\/lauremartin.fr\/slowfeelflow\/#organization","name":"Laure Martin, psychopraticienne \u00e0 Bordeaux","url":"https:\/\/lauremartin.fr\/slowfeelflow\/","logo":{"@type":"ImageObject","inLanguage":"fr-FR","@id":"https:\/\/lauremartin.fr\/slowfeelflow\/#\/schema\/logo\/image\/","url":"https:\/\/lauremartin.fr\/slowfeelflow\/wp-content\/uploads\/sites\/5\/2025\/07\/SFF_Logo_Noir.png","contentUrl":"https:\/\/lauremartin.fr\/slowfeelflow\/wp-content\/uploads\/sites\/5\/2025\/07\/SFF_Logo_Noir.png","width":472,"height":229,"caption":"Laure Martin, psychopraticienne \u00e0 Bordeaux"},"image":{"@id":"https:\/\/lauremartin.fr\/slowfeelflow\/#\/schema\/logo\/image\/"},"sameAs":["https:\/\/instagram.com\/slowfeelflow\/"]}]}},"_links":{"self":[{"href":"https:\/\/lauremartin.fr\/slowfeelflow\/wp-json\/wp\/v2\/pages\/2884","targetHints":{"allow":["GET"]}}],"collection":[{"href":"https:\/\/lauremartin.fr\/slowfeelflow\/wp-json\/wp\/v2\/pages"}],"about":[{"href":"https:\/\/lauremartin.fr\/slowfeelflow\/wp-json\/wp\/v2\/types\/page"}],"author":[{"embeddable":true,"href":"https:\/\/lauremartin.fr\/slowfeelflow\/wp-json\/wp\/v2\/users\/2"}],"replies":[{"embeddable":true,"href":"https:\/\/lauremartin.fr\/slowfeelflow\/wp-json\/wp\/v2\/comments?post=2884"}],"version-history":[{"count":3,"href":"https:\/\/lauremartin.fr\/slowfeelflow\/wp-json\/wp\/v2\/pages\/2884\/revisions"}],"predecessor-version":[{"id":2888,"href":"https:\/\/lauremartin.fr\/slowfeelflow\/wp-json\/wp\/v2\/pages\/2884\/revisions\/2888"}],"wp:attachment":[{"href":"https:\/\/lauremartin.fr\/slowfeelflow\/wp-json\/wp\/v2\/media?parent=2884"}],"curies":[{"name":"wp","href":"https:\/\/api.w.org\/{rel}","templated":true}]}}